{"id":76,"date":"2021-06-20T07:32:15","date_gmt":"2021-06-20T07:32:15","guid":{"rendered":"https:\/\/casticino.ch\/?page_id=76"},"modified":"2025-03-11T08:40:00","modified_gmt":"2025-03-11T07:40:00","slug":"organizzazione","status":"publish","type":"page","link":"https:\/\/casticino.ch\/?page_id=76","title":{"rendered":"ORGANIZZAZIONE"},"content":{"rendered":"\n<h3 class=\"wp-block-heading\">Commissione capanne<\/h3>\n\n\n\n<p>La Commissione capanne accompagna e consiglia il comitato nelle decisioni inerenti le problematiche, i lavori e i progetti in ambito capanne. Verifica, controlla e sostiene, tramite gli ispettori l\u2019attivit\u00e0 dei guardiani ed il rispetto dei regolamenti, stimolando il reclutamento di nuove leve e collaboratori. Coordina i lavori di manutenzione ordinaria e straordinaria delle capanne e i progetti di ristrutturazione ed ampliamenti. Si occupa inoltre della parte amministrativa e contrattuale, nei confronti dei guardiani, del CAS Centrale e delle autorit\u00e0 cantonali e regionali, allestendo i conteggi dei pernottamenti, elaborando le tariffe applicabili, e sviluppando strategie di marketing delle capanne.<\/p>\n\n\n\n<p><a href=\"https:\/\/casticino.ch\/?page_id=3793\" data-type=\"page\" data-id=\"3793\">Membri commissione capanne<\/a><\/p>\n\n\n\n<div class=\"wp-block-ugb-spacer ugb-spacer ugb-24ae1cb ugb-spacer--v2 ugb-main-block\"><div class=\"ugb-inner-block\"><div class=\"ugb-block-content\"><div class=\"ugb-spacer--inner\"><\/div><\/div><\/div><\/div>\n\n\n\n<h3 class=\"wp-block-heading\">Commissione tecnica<\/h3>\n\n\n\n<p>La Commissione tecnica oltre ad elaborare il programma gite annuale, organizza aggiornamenti ed informazioni, elabora materiale didattico, consiglia e sostiene i capi gita della Sezione promuovendo la formazione continua ed identificando nuove leve. Gestisce inoltre il materiale tecnico della sezione. La commissione \u00e8 sempre a disposizione per qualsiasi problema, suggerimento o aiuto per quanto riguarda l\u2019attivit\u00e0 alpinistica della Sezione.<\/p>\n\n\n\n<p><a href=\"https:\/\/casticino.ch\/?page_id=3807\" data-type=\"page\" data-id=\"3807\">Membri commissione tecnica<\/a><\/p>\n\n\n\n<div class=\"wp-block-ugb-spacer ugb-spacer ugb-cd35d9c ugb-spacer--v2 ugb-main-block\"><div class=\"ugb-inner-block\"><div class=\"ugb-block-content\"><div class=\"ugb-spacer--inner\"><\/div><\/div><\/div><\/div>\n\n\n\n<h3 class=\"wp-block-heading\">Commissione giovani<\/h3>\n\n\n\n<p>La Commissione giovani \u00e8 impegnata soprattutto nell\u2019organizzazione dei vari campi settimanali (estivi ed invernali) dedicati ai ragazzi, proposte di arrampicata, alpinismo e sci escursionismo su misura per ragazzi dai 10 ai 22 anni nei fine settimana e durante le vacanze scolastiche. Promuove inoltre la formazione a livello giovanile preparando che lo desidera alla formazione giovent\u00f9 e sport.<\/p>\n\n\n\n<p><a href=\"https:\/\/casticino.ch\/?page_id=3819\" data-type=\"page\" data-id=\"3819\">Membri commissione giovani<\/a><\/p>\n\n\n\n<div class=\"wp-block-ugb-spacer ugb-spacer ugb-99739ad ugb-spacer--v2 ugb-main-block\"><div class=\"ugb-inner-block\"><div class=\"ugb-block-content\"><div class=\"ugb-spacer--inner\"><\/div><\/div><\/div><\/div>\n\n\n\n<h3 class=\"wp-block-heading\">Commissione seniori<\/h3>\n\n\n\n<p>Il Comitato Seniori si occupa di coordinare l\u2019attivit\u00e0 annuale, organizzando escursioni giornaliere, fine settimana e vacanze di pi\u00f9 giorni, oltre a ritrovi e momenti culturali. Anche il gruppo seniori \u00e8 sempre alla ricerca di nuovi capi gita per accompagnare in montagna il nutrito ed affiatatissimo gruppo.<\/p>\n\n\n\n<p><a href=\"https:\/\/casticino.ch\/?page_id=3828\" data-type=\"page\" data-id=\"3828\">Membri commissione seniori<\/a><\/p>\n\n\n\n<div class=\"wp-block-ugb-spacer ugb-spacer ugb-544c4ea ugb-spacer--v2 ugb-main-block\"><div class=\"ugb-inner-block\"><div class=\"ugb-block-content\"><div class=\"ugb-spacer--inner\"><\/div><\/div><\/div><\/div>\n\n\n\n<h3 class=\"wp-block-heading\">Commissione comunicazione ed eventi<\/h3>\n\n\n\n<p>La Commissione comunicazione ed eventi si occupa di redarre l\u2019INFOrmazione, periodico semestrale, l\u2019annuario e i canali web e social della Sezione. Contribuisce inoltre alla promozione delle variegate attivit\u00e0 della Sezione come pure delle sue capanne. Durante l\u2019anno organizza, anche in collaborazione con altri partner, eventi ed iniziative volte\u00a0 a promuovere la cultura in e della montagna<\/p>\n\n\n\n<p><a href=\"https:\/\/casticino.ch\/?page_id=3834\" data-type=\"page\" data-id=\"3834\">Membri commissione comunicazione ed eventi<\/a><\/p>\n","protected":false},"excerpt":{"rendered":"<p>Commissione capanne La Commissione capanne accompagna e consiglia il comitato nelle decisioni inerenti le problematiche, i lavori e i progetti in ambito capanne. Verifica, controlla e sostiene, tramite gli ispettori l\u2019attivit\u00e0 dei guardiani ed il rispetto dei regolamenti, stimolando il reclutamento di nuove leve e collaboratori. Coordina i lavori di manutenzione ordinaria e straordinaria delle [&hellip;]<\/p>\n","protected":false},"author":2,"featured_media":0,"parent":0,"menu_order":0,"comment_status":"closed","ping_status":"closed","template":"","meta":{"footnotes":""},"class_list":["post-76","page","type-page","status-publish","hentry"],"featured_image_urls_v2":{"full":"","thumbnail":"","medium":"","medium_large":"","large":"","1536x1536":"","2048x2048":"","psacp-medium":""},"post_excerpt_stackable_v2":"<p>Commissione capanne La Commissione capanne accompagna e consiglia il comitato nelle decisioni inerenti le problematiche, i lavori e i progetti in ambito capanne. Verifica, controlla e sostiene, tramite gli ispettori l\u2019attivit\u00e0 dei guardiani ed il rispetto dei regolamenti, stimolando il reclutamento di nuove leve e collaboratori. Coordina i lavori di manutenzione ordinaria e straordinaria delle capanne e i progetti di ristrutturazione ed ampliamenti. Si occupa inoltre della parte amministrativa e contrattuale, nei confronti dei guardiani, del CAS Centrale e delle autorit\u00e0 cantonali e regionali, allestendo i conteggi dei pernottamenti, elaborando le tariffe applicabili, e sviluppando strategie di marketing delle capanne.&hellip;<\/p>\n","category_list_v2":"","author_info_v2":{"name":"Valeria Demarta","url":"https:\/\/casticino.ch\/?author=2"},"comments_num_v2":"0 commenti","_links":{"self":[{"href":"https:\/\/casticino.ch\/index.php?rest_route=\/wp\/v2\/pages\/76","targetHints":{"allow":["GET"]}}],"collection":[{"href":"https:\/\/casticino.ch\/index.php?rest_route=\/wp\/v2\/pages"}],"about":[{"href":"https:\/\/casticino.ch\/index.php?rest_route=\/wp\/v2\/types\/page"}],"author":[{"embeddable":true,"href":"https:\/\/casticino.ch\/index.php?rest_route=\/wp\/v2\/users\/2"}],"replies":[{"embeddable":true,"href":"https:\/\/casticino.ch\/index.php?rest_route=%2Fwp%2Fv2%2Fcomments&post=76"}],"version-history":[{"count":5,"href":"https:\/\/casticino.ch\/index.php?rest_route=\/wp\/v2\/pages\/76\/revisions"}],"predecessor-version":[{"id":5193,"href":"https:\/\/casticino.ch\/index.php?rest_route=\/wp\/v2\/pages\/76\/revisions\/5193"}],"wp:attachment":[{"href":"https:\/\/casticino.ch\/index.php?rest_route=%2Fwp%2Fv2%2Fmedia&parent=76"}],"curies":[{"name":"wp","href":"https:\/\/api.w.org\/{rel}","templated":true}]}}