{"id":72,"date":"2021-06-20T07:26:49","date_gmt":"2021-06-20T07:26:49","guid":{"rendered":"https:\/\/casticino.ch\/?page_id=72"},"modified":"2021-10-22T15:20:20","modified_gmt":"2021-10-22T15:20:20","slug":"news","status":"publish","type":"page","link":"https:\/\/casticino.ch\/?page_id=72","title":{"rendered":"NEWS"},"content":{"rendered":"\n<h1 class=\"wp-block-heading\">News<\/h1>\n\n\n\n<div class=\"wp-block-ugb-blog-posts ugb-blog-posts ugb-7f25d80 ugb-blog-posts--v2 ugb-blog-posts--design-list ugb-blog-posts--columns-1 ugb-main-block\"><style>.ugb-7f25d80 .ugb-blog-posts__featured-image img{height:188px !important}.ugb-7f25d80 .ugb-blog-posts__item{grid-template-columns:247px minmax(0,1fr) !important}<\/style><div class=\"ugb-inner-block\"><div class=\"ugb-block-content\"><article class=\"ugb-blog-posts__item\"><figure class=\"ugb-blog-posts__featured-image ugb--shadow-3\"><a href=\"https:\/\/casticino.ch\/?p=5501\"><img loading=\"lazy\" decoding=\"async\" width=\"561\" height=\"270\" src=\"https:\/\/casticino.ch\/wp-content\/uploads\/2020\/05\/150702-1256-assemblea-straordinaria_mani.png\" class=\"attachment-large size-large wp-post-image\" alt=\"\" \/><\/a><\/figure><div class=\"ugb-blog-posts__content\"><div class=\"ugb-blog-posts__category\"><a href=\"https:\/\/casticino.ch\/?cat=4\" rel=\"category\">NEWS<\/a><\/div><h3 class=\"ugb-blog-posts__title\"><a href=\"https:\/\/casticino.ch\/?p=5501\">Mercatino dell\u2019usato + Assemblea Generale 2026<\/a><\/h3><div class=\"ugb-blog-posts__excerpt\"><p>Caro Socio, abbiamo il piacere di invitarti alla 141. ma Assemblea Generale Annualeche avr\u00e0 luogo:domenica 10 maggio 2026alle ore 18:00 Centro ParrocchialeVia Girella 416814 Lamone alle 15.00 mercatino dell\u2019usato alpino degli OG con:banco del dolceangolo manutenzione scifurgone della Colonna di soccorso CAS Ticino a seguire l\u2019assemblea &#8220;buffet&#8221; conviviale ORDINE DEL GIORNO 1.&nbsp;&nbsp;Saluto ed apertura dell&#8217;assemblea2.&nbsp;&nbsp;Nomina&#8230;<\/div><p class=\"ugb-blog-posts__readmore\"><a href=\"https:\/\/casticino.ch\/?p=5501\">Continua a leggere<\/a><\/p><\/div><\/article><article class=\"ugb-blog-posts__item\"><figure class=\"ugb-blog-posts__featured-image ugb--shadow-3\"><a href=\"https:\/\/casticino.ch\/?p=5493\"><img loading=\"lazy\" decoding=\"async\" width=\"768\" height=\"1024\" src=\"https:\/\/casticino.ch\/wp-content\/uploads\/2026\/03\/spider_og-768x1024.jpg\" class=\"attachment-large size-large wp-post-image\" alt=\"\" \/><\/a><\/figure><div class=\"ugb-blog-posts__content\"><div class=\"ugb-blog-posts__category\"><a href=\"https:\/\/casticino.ch\/?cat=4\" rel=\"category\">NEWS<\/a><\/div><h3 class=\"ugb-blog-posts__title\"><a href=\"https:\/\/casticino.ch\/?p=5493\">Settimana Spider (da 10 ai 14 anni) &#8211; zona capanna Campo Tencia<\/a><\/h3><div class=\"ugb-blog-posts__excerpt\"><p>Data: da domenica 28 giugno a sabato 4 luglio 2026Gruppo giovani: dai 10 ai 14 anni CapigitaGiosiana Codoni (079 509 78 73)\u00a0\u00a0\u00a0\u00a0\u00a0\u00a0\u00a0\u00a0\u00a0\u00a0\u00a0\u00a0\u00a0 Nicola Martinoni Settimana in cui i partecipanti si cimenteranno con arrampicate, belle passeggiate e facili ascensioni alpinistiche con tanto tanto divertimento. La settimana sar\u00e0 organizzata in modo che le ragazze e i ragazzi&#8230;<\/div><p class=\"ugb-blog-posts__readmore\"><a href=\"https:\/\/casticino.ch\/?p=5493\">Continua a leggere<\/a><\/p><\/div><\/article><article class=\"ugb-blog-posts__item\"><figure class=\"ugb-blog-posts__featured-image ugb--shadow-3\"><a href=\"https:\/\/casticino.ch\/?p=5486\"><img loading=\"lazy\" decoding=\"async\" width=\"1024\" height=\"683\" src=\"https:\/\/casticino.ch\/wp-content\/uploads\/2024\/03\/WhatsApp-Image-2024-02-27-at-09.02.17.jpeg\" class=\"attachment-large size-large wp-post-image\" alt=\"\" \/><\/a><\/figure><div class=\"ugb-blog-posts__content\"><div class=\"ugb-blog-posts__category\"><a href=\"https:\/\/casticino.ch\/?cat=4\" rel=\"category\">NEWS<\/a><\/div><h3 class=\"ugb-blog-posts__title\"><a href=\"https:\/\/casticino.ch\/?p=5486\">Corso base di arrampicata<\/a><\/h3><div class=\"ugb-blog-posts__excerpt\"><p>Vuoi avvicinarti al mondo dell\u2019arrampicata su roccia (oppure vuoi consolidare le tue conoscenze) allo scopo di essere in grado di portare a termine una via a pi\u00f9 lunghezze di corda in modo autonomo? Il corso base di arrampicata su roccia risponde a questa esigenza. Il corso si tiene su tre fine settimana.La prima uscita il&nbsp;18-19&#8230;<\/div><p class=\"ugb-blog-posts__readmore\"><a href=\"https:\/\/casticino.ch\/?p=5486\">Continua a leggere<\/a><\/p><\/div><\/article><article class=\"ugb-blog-posts__item\"><figure class=\"ugb-blog-posts__featured-image ugb--shadow-3\"><a href=\"https:\/\/casticino.ch\/?p=5467\"><img loading=\"lazy\" decoding=\"async\" width=\"498\" height=\"1024\" src=\"https:\/\/casticino.ch\/wp-content\/uploads\/2026\/02\/20200703_124738-498x1024.jpg\" class=\"attachment-large size-large wp-post-image\" alt=\"\" \/><\/a><\/figure><div class=\"ugb-blog-posts__content\"><div class=\"ugb-blog-posts__category\"><a href=\"https:\/\/casticino.ch\/?cat=4\" rel=\"category\">NEWS<\/a><\/div><h3 class=\"ugb-blog-posts__title\"><a href=\"https:\/\/casticino.ch\/?p=5467\">Sostieni il gruppo OG del CAS Ticino<\/a><\/h3><div class=\"ugb-blog-posts__excerpt\"><p>Aiuta il gruppo OG del CAS Ticino con i buoni \u201cSupport My Camp\u201d della Migros! Hai ricevuto dei buoni \u201cSupport My Camp\u201d alla Migros?Puoi trasformarli in un aiuto concreto per il nostro gruppo OG del CAS Ticino! Come fare: Vai alla pagina supportmycamp.migros.ch\/it\/ Clicca su \u201cAssegna buoni\u201d. Scansiona il codice QR del tuo buono oppure&#8230;<\/div><p class=\"ugb-blog-posts__readmore\"><a href=\"https:\/\/casticino.ch\/?p=5467\">Continua a leggere<\/a><\/p><\/div><\/article><article class=\"ugb-blog-posts__item\"><figure class=\"ugb-blog-posts__featured-image ugb--shadow-3\"><a href=\"https:\/\/casticino.ch\/?p=5433\"><img loading=\"lazy\" decoding=\"async\" width=\"1024\" height=\"297\" src=\"https:\/\/casticino.ch\/wp-content\/uploads\/2025\/12\/cas_campoVallemaggia-1024x297.jpg\" class=\"attachment-large size-large wp-post-image\" alt=\"\" \/><\/a><\/figure><div class=\"ugb-blog-posts__content\"><div class=\"ugb-blog-posts__category\"><a href=\"https:\/\/casticino.ch\/?cat=4\" rel=\"category\">NEWS<\/a><\/div><h3 class=\"ugb-blog-posts__title\"><a href=\"https:\/\/casticino.ch\/?p=5433\">Campo Vallemaggia diventa Villaggio degli alpinisti<\/a><\/h3><div class=\"ugb-blog-posts__excerpt\"><p>La genuina comunit\u00e0 ticinese convince con un turismo vicino alla natura. Silenzioso, appartato e impressionante: chi visita Campo Vallemaggia incontra l\u2019autenticit\u00e0 nel mezzo di un selvaggio mondo alpino. Il Comune ticinese sar\u00e0 ufficialmente accolto il 21 giugno 2025 nel gruppo dei Villaggi degli alpinisti svizzeri che gi\u00e0 comprende St. Ant\u00f6nien, i villaggi dell\u2019Engadina Lavin, Guarda&#8230;<\/div><p class=\"ugb-blog-posts__readmore\"><a href=\"https:\/\/casticino.ch\/?p=5433\">Continua a leggere<\/a><\/p><\/div><\/article><article class=\"ugb-blog-posts__item\"><figure class=\"ugb-blog-posts__featured-image ugb--shadow-3\"><a href=\"https:\/\/casticino.ch\/?p=5428\"><img loading=\"lazy\" decoding=\"async\" width=\"1024\" height=\"655\" src=\"https:\/\/casticino.ch\/wp-content\/uploads\/2025\/12\/concorso_CAS-1024x655.png\" class=\"attachment-large size-large wp-post-image\" alt=\"\" \/><\/a><\/figure><div class=\"ugb-blog-posts__content\"><div class=\"ugb-blog-posts__category\"><a href=\"https:\/\/casticino.ch\/?cat=4\" rel=\"category\">NEWS<\/a><\/div><h3 class=\"ugb-blog-posts__title\"><a href=\"https:\/\/casticino.ch\/?p=5428\">Informazioni sull\u2019affiliazione<\/a><\/h3><div class=\"ugb-blog-posts__excerpt\"><p>Andare insieme in montagna condividendo la gioia per il mondo alpino \u2013 il CAS unisce le persone appassionate della montagna, giovani e meno giovani. Siamo felici che anche tu appartenga alla pi\u00f9 grande famiglia degli sport della montagna della Svizzera. Ti ringraziamo per l\u2019affiliazione e la fiducia. Entro il 5 gennaio 2026 riceverai la tua&#8230;<\/div><p class=\"ugb-blog-posts__readmore\"><a href=\"https:\/\/casticino.ch\/?p=5428\">Continua a leggere<\/a><\/p><\/div><\/article><article class=\"ugb-blog-posts__item\"><figure class=\"ugb-blog-posts__featured-image ugb--shadow-3\"><a href=\"https:\/\/casticino.ch\/?p=5308\"><img loading=\"lazy\" decoding=\"async\" width=\"1024\" height=\"297\" src=\"https:\/\/casticino.ch\/wp-content\/uploads\/2025\/06\/csm_Huettenkarte_SAC_Glattalphuette_SAC_8a553785e3-1024x297.jpg\" class=\"attachment-large size-large wp-post-image\" alt=\"\" \/><\/a><\/figure><div class=\"ugb-blog-posts__content\"><div class=\"ugb-blog-posts__category\"><a href=\"https:\/\/casticino.ch\/?cat=4\" rel=\"category\">NEWS<\/a><\/div><h3 class=\"ugb-blog-posts__title\"><a href=\"https:\/\/casticino.ch\/?p=5308\">\u00c8 arrivata la nuova mappa dei rifugi SAC<\/a><\/h3><div class=\"ugb-blog-posts__excerpt\"><p>Ispirazione e aiuto per la pianificazione del vostro prossimo tour dei rifugi. Disponibile ora: La carta delle capanne delle Alpi svizzere, completamente rielaborata, presenta 250 rifugi e offre condizioni speciali per gli assicurati CSS. \u00c8 ora disponibile la nuova carta \u00abRifugi delle Alpi svizzere\u00bb, completamente rielaborata. Essa offre una panoramica completa di 250 rifugi e&#8230;<\/div><p class=\"ugb-blog-posts__readmore\"><a href=\"https:\/\/casticino.ch\/?p=5308\">Continua a leggere<\/a><\/p><\/div><\/article><article class=\"ugb-blog-posts__item\"><figure class=\"ugb-blog-posts__featured-image ugb--shadow-3\"><a href=\"https:\/\/casticino.ch\/?p=5287\"><img loading=\"lazy\" decoding=\"async\" width=\"598\" height=\"457\" src=\"https:\/\/casticino.ch\/wp-content\/uploads\/2025\/05\/alert.jpg\" class=\"attachment-large size-large wp-post-image\" alt=\"\" \/><\/a><\/figure><div class=\"ugb-blog-posts__content\"><div class=\"ugb-blog-posts__category\"><a href=\"https:\/\/casticino.ch\/?cat=4\" rel=\"category\">NEWS<\/a><\/div><h3 class=\"ugb-blog-posts__title\"><a href=\"https:\/\/casticino.ch\/?p=5287\">\u00a0NUOVO Statuto Sezionale<\/a><\/h3><div class=\"ugb-blog-posts__excerpt\"><p>Statuto 2025 vs. 2017 a confronto (2)Download<\/p>\n<\/div><p class=\"ugb-blog-posts__readmore\"><a href=\"https:\/\/casticino.ch\/?p=5287\">Continua a leggere<\/a><\/p><\/div><\/article><article class=\"ugb-blog-posts__item\"><figure class=\"ugb-blog-posts__featured-image ugb--shadow-3\"><a href=\"https:\/\/casticino.ch\/?p=5223\"><img loading=\"lazy\" decoding=\"async\" width=\"368\" height=\"800\" src=\"https:\/\/casticino.ch\/wp-content\/uploads\/2021\/10\/217760242_3015382735412014_2635891702353941681_n.jpg\" class=\"attachment-large size-large wp-post-image\" alt=\"\" \/><\/a><\/figure><div class=\"ugb-blog-posts__content\"><div class=\"ugb-blog-posts__category\"><a href=\"https:\/\/casticino.ch\/?cat=4\" rel=\"category\">NEWS<\/a><\/div><h3 class=\"ugb-blog-posts__title\"><a href=\"https:\/\/casticino.ch\/?p=5223\">Corso base arrampicata su roccia\u00a0&#8211; pochi posti liberi<\/a><\/h3><div class=\"ugb-blog-posts__excerpt\"><p>ATTENZIONE: Ultimi 7 posti liberi per il corso di arrampicata. Per le iscrizioni vedi link: https:\/\/ssl.dropnet.ch\/casticino\/gite\/index.php?page=detail&amp;touren_nummer=1632 DETTAGLI DEL CORSO: CORSO BASE di ARRAMPICATA su ROCCIA 2025Download<\/p>\n<\/div><p class=\"ugb-blog-posts__readmore\"><a href=\"https:\/\/casticino.ch\/?p=5223\">Continua a leggere<\/a><\/p><\/div><\/article><article class=\"ugb-blog-posts__item\"><figure class=\"ugb-blog-posts__featured-image ugb--shadow-3\"><a href=\"https:\/\/casticino.ch\/?p=5220\"><img loading=\"lazy\" decoding=\"async\" width=\"304\" height=\"393\" src=\"https:\/\/casticino.ch\/wp-content\/uploads\/2025\/03\/recal_blackdiamons.jpg\" class=\"attachment-large size-large wp-post-image\" alt=\"\" \/><\/a><\/figure><div class=\"ugb-blog-posts__content\"><div class=\"ugb-blog-posts__category\"><a href=\"https:\/\/casticino.ch\/?cat=4\" rel=\"category\">NEWS<\/a><\/div><h3 class=\"ugb-blog-posts__title\"><a href=\"https:\/\/casticino.ch\/?p=5220\">Black Diamond &#8211; richiamo Recon LT Avalanche Transceiver\u00a0\u00a0<\/a><\/h3><div class=\"ugb-blog-posts__excerpt\"><p>Innsbruck, Austria (14 febbraio 2025) \u2013 Black Diamond Equipment\u00ae, in concomitanza con il Regolamento europeo sulla sicurezza generale dei prodotti, sta richiamando il ricetrasmettitore da valanga Black Diamond Recon LT e i relativi set di sicurezza da valanga a causa di un problema di corrosione che potrebbe causarne il malfunzionamento. MAGGIOR DETTAGLI. VEDI LINK: https:\/\/www.blackdiamondequipment.com\/en_IT\/content\/2025-recon-lt-recall<\/p>\n<\/div><p class=\"ugb-blog-posts__readmore\"><a href=\"https:\/\/casticino.ch\/?p=5220\">Continua a leggere<\/a><\/p><\/div><\/article><\/div><\/div><\/div>\n\n\n\n<p>Gennaio 21, 2021 13:43<\/p>\n\n\n\n<p>Carissimi amanti della montagna, \u00c8 nostra intenzione continuare a proporre attivit\u00e0 all\u2019aria aperta. Riteniamo che i benefici legati allo svolgimento di attivit\u00e0 nella natura superino i rischi. Per rispettare le norme vigenti, le attivit\u00e0 sono gestire in gruppi di massimo 5 persone. Anche il traposto da e verso il luogo&#8230;<a href=\"https:\/\/www.casticino.ch\/2021\/01\/21\/gen-2021-covid-19-aggiornamenti\/\">Approfondisci<\/a><a href=\"https:\/\/www.casticino.ch\/wp-admin\/post.php?post=3546&amp;action=edit\">Modifica<\/a><\/p>\n\n\n\n<h2 class=\"wp-block-heading\"><a href=\"https:\/\/www.casticino.ch\/2020\/11\/21\/programma-gite-2021\/\">Programma gite 2021<\/a><\/h2>\n\n\n\n<p>Novembre 21, 2020 20:15<\/p>\n\n\n\n<p>Il programma gite 2021 \u00e8 ora disponibile on line. A dipendenza delle normative in vigore le gite potranno subire delle modifiche e i posti saranno limitati. La palestra di Cornaredo \u00e8 sempre aperta con limitazioni di accesso. Tramite newsletter o sul sito sarete aggiornati sull\u2019evolversi della situazione.<\/p>\n","protected":false},"excerpt":{"rendered":"<p>News NEWS Mercatino dell\u2019usato + Assemblea Generale 2026 Caro Socio, abbiamo il piacere di invitarti alla 141. ma Assemblea Generale Annualeche avr\u00e0 luogo:domenica 10 maggio 2026alle ore 18:00 Centro ParrocchialeVia Girella 416814 Lamone alle 15.00 mercatino dell\u2019usato alpino degli OG con:banco del dolceangolo manutenzione scifurgone della Colonna di soccorso CAS Ticino a seguire l\u2019assemblea &#8220;buffet&#8221; [&hellip;]<\/p>\n","protected":false},"author":2,"featured_media":0,"parent":0,"menu_order":0,"comment_status":"closed","ping_status":"closed","template":"","meta":{"footnotes":""},"class_list":["post-72","page","type-page","status-publish","hentry"],"featured_image_urls_v2":{"full":"","thumbnail":"","medium":"","medium_large":"","large":"","1536x1536":"","2048x2048":"","psacp-medium":""},"post_excerpt_stackable_v2":"<p>News NEWSMercatino dell\u2019usato + Assemblea Generale 2026Caro Socio, abbiamo il piacere di invitarti alla 141. ma Assemblea Generale Annualeche avr\u00e0 luogo:domenica 10 maggio 2026alle ore 18:00 Centro ParrocchialeVia Girella 416814 Lamone alle 15.00 mercatino dell\u2019usato alpino degli OG con:banco del dolceangolo manutenzione scifurgone della Colonna di soccorso CAS Ticino a seguire l\u2019assemblea &#8220;buffet&#8221; conviviale ORDINE DEL GIORNO 1.&nbsp;&nbsp;Saluto ed apertura dell&#8217;assemblea2.&nbsp;&nbsp;Nomina&#8230;Continua a leggereNEWSSettimana Spider (da 10 ai 14 anni) &#8211; zona capanna Campo TenciaData: da domenica 28 giugno a sabato 4 luglio 2026Gruppo giovani: dai 10 ai 14 anni CapigitaGiosiana Codoni (079 509 78 73)\u00a0\u00a0\u00a0\u00a0\u00a0\u00a0\u00a0\u00a0\u00a0\u00a0\u00a0\u00a0\u00a0 Nicola Martinoni Settimana in cui&hellip;<\/p>\n","category_list_v2":"","author_info_v2":{"name":"Valeria Demarta","url":"https:\/\/casticino.ch\/?author=2"},"comments_num_v2":"0 commenti","_links":{"self":[{"href":"https:\/\/casticino.ch\/index.php?rest_route=\/wp\/v2\/pages\/72","targetHints":{"allow":["GET"]}}],"collection":[{"href":"https:\/\/casticino.ch\/index.php?rest_route=\/wp\/v2\/pages"}],"about":[{"href":"https:\/\/casticino.ch\/index.php?rest_route=\/wp\/v2\/types\/page"}],"author":[{"embeddable":true,"href":"https:\/\/casticino.ch\/index.php?rest_route=\/wp\/v2\/users\/2"}],"replies":[{"embeddable":true,"href":"https:\/\/casticino.ch\/index.php?rest_route=%2Fwp%2Fv2%2Fcomments&post=72"}],"version-history":[{"count":3,"href":"https:\/\/casticino.ch\/index.php?rest_route=\/wp\/v2\/pages\/72\/revisions"}],"predecessor-version":[{"id":4280,"href":"https:\/\/casticino.ch\/index.php?rest_route=\/wp\/v2\/pages\/72\/revisions\/4280"}],"wp:attachment":[{"href":"https:\/\/casticino.ch\/index.php?rest_route=%2Fwp%2Fv2%2Fmedia&parent=72"}],"curies":[{"name":"wp","href":"https:\/\/api.w.org\/{rel}","templated":true}]}}